{"id":3980,"date":"2019-02-13T12:52:18","date_gmt":"2019-02-13T11:52:18","guid":{"rendered":"https:\/\/alegria-activity.com\/portfolio-item\/secretaria-de-salud-de-medellin-vacunacion\/"},"modified":"2019-05-13T09:44:52","modified_gmt":"2019-05-13T08:44:52","slug":"ministere-de-la-sante-de-medellin-vaccination","status":"publish","type":"avada_portfolio","link":"https:\/\/alegria-activity.com\/fr\/portfolio-item\/ministere-de-la-sante-de-medellin-vaccination\/","title":{"rendered":"Minist\u00e8re de la sant\u00e9 de Medell\u00edn \u2013 Vaccination"},"content":{"rendered":"<div class=\"slider-portfolio\">\t\t\t<script type=\"text\/javascript\" src=\"\/\/alegria-activity.com\/wp-content\/plugins\/revslider\/public\/assets\/js\/revolution.tools.min.js?rev=6.1.5\"><\/script>\n\t\t\t<script type=\"text\/javascript\" src=\"\/\/alegria-activity.com\/wp-content\/plugins\/revslider\/public\/assets\/js\/rs6.min.js?rev=6.1.5\"><\/script>\n\n<div class=\"fusion-slider-revolution rev_slider_wrapper\">\t\t\t<!-- START slidersaludvacunam REVOLUTION SLIDER 6.1.5 --><p class=\"rs-p-wp-fix\"><\/p>\n\t\t\t<rs-module-wrap id=\"rev_slider_30_1_wrapper\" data-source=\"gallery\" style=\"background:transparent;padding:0;margin:0px auto;margin-top:0;margin-bottom:0;max-width:\">\n\t\t\t\t<rs-module id=\"rev_slider_30_1\" style=\"display:none;\" data-version=\"6.1.5\">\n\t\t\t\t\t<rs-slides>\n\t\t\t\t\t\t<rs-slide data-key=\"rs-109\" data-title=\"Slide\" data-thumb=\"\/\/alegria-activity.com\/wp-content\/uploads\/2019\/02\/img-destacada3-vacuna-1-100x50.jpg\" data-duration=\"5000\" data-anim=\"ei:d;eo:d;s:600;r:0;t:fade;sl:d;\">\n\t\t\t\t\t\t\t<img loading=\"lazy\" decoding=\"async\" src=\"\/\/alegria-activity.com\/wp-content\/plugins\/revslider\/public\/assets\/assets\/dummy.png\" title=\"img-destacada3-vacuna-1\" width=\"631\" height=\"300\" data-lazyload=\"\/\/alegria-activity.com\/wp-content\/uploads\/2019\/02\/img-destacada3-vacuna-1.jpg\" class=\"rev-slidebg\" data-no-retina>\n<!---->\t\t\t\t\t\t<\/rs-slide>\n\t\t\t\t\t\t<rs-slide data-key=\"rs-110\" data-title=\"Slide\" data-thumb=\"\/\/alegria-activity.com\/wp-content\/uploads\/2019\/02\/img-destacada3-vacuna-2-100x50.jpg\" data-duration=\"5000\" data-anim=\"ei:d;eo:d;s:600;r:0;t:fade;sl:d;\">\n\t\t\t\t\t\t\t<img loading=\"lazy\" decoding=\"async\" src=\"\/\/alegria-activity.com\/wp-content\/plugins\/revslider\/public\/assets\/assets\/dummy.png\" title=\"img-destacada3-vacuna-2\" width=\"631\" height=\"300\" data-lazyload=\"\/\/alegria-activity.com\/wp-content\/uploads\/2019\/02\/img-destacada3-vacuna-2.jpg\" class=\"rev-slidebg\" data-no-retina>\n<!---->\t\t\t\t\t\t<\/rs-slide>\n\t\t\t\t\t<\/rs-slides>\n\t\t\t\t\t<rs-progress class=\"rs-bottom\" style=\"visibility: hidden !important;\"><\/rs-progress>\n\t\t\t\t<\/rs-module>\n\t\t\t\t<script type=\"text\/javascript\">\n\t\t\t\t\tsetREVStartSize({c: 'rev_slider_30_1',rl:[1240,1024,778,480],el:[],gw:[630],gh:[300],layout:'fullwidth',mh:\"0\"});\n\t\t\t\t\tvar\trevapi30,\n\t\t\t\t\t\ttpj;\n\t\t\t\t\tjQuery(function() {\n\t\t\t\t\t\ttpj = jQuery;\n\t\t\t\t\t\ttpj.noConflict();\n\t\t\t\t\t\tif(tpj(\"#rev_slider_30_1\").revolution == undefined){\n\t\t\t\t\t\t\trevslider_showDoubleJqueryError(\"#rev_slider_30_1\");\n\t\t\t\t\t\t}else{\n\t\t\t\t\t\t\trevapi30 = tpj(\"#rev_slider_30_1\").show().revolution({\n\t\t\t\t\t\t\t\tjsFileLocation:\"\/\/alegria-activity.com\/wp-content\/plugins\/revslider\/public\/assets\/js\/\",\n\t\t\t\t\t\t\t\tvisibilityLevels:\"1240,1024,778,480\",\n\t\t\t\t\t\t\t\tgridwidth:630,\n\t\t\t\t\t\t\t\tgridheight:300,\n\t\t\t\t\t\t\t\tminHeight:\"\",\n\t\t\t\t\t\t\t\tlazyType:\"all\",\n\t\t\t\t\t\t\t\tspinner:\"spinner3\",\n\t\t\t\t\t\t\t\tresponsiveLevels:\"1240,1024,778,480\",\n\t\t\t\t\t\t\t\tdisableProgressBar:\"on\",\n\t\t\t\t\t\t\t\tnavigation: {\n\t\t\t\t\t\t\t\t\tmouseScrollNavigation:false,\n\t\t\t\t\t\t\t\t\tonHoverStop:false,\n\t\t\t\t\t\t\t\t\tbullets: {\n\t\t\t\t\t\t\t\t\t\tenable:true,\n\t\t\t\t\t\t\t\t\t\ttmp:\"\",\n\t\t\t\t\t\t\t\t\t\thide_onleave:true\n\t\t\t\t\t\t\t\t\t}\n\t\t\t\t\t\t\t\t},\n\t\t\t\t\t\t\t\tfallbacks: {\n\t\t\t\t\t\t\t\t\tallowHTML5AutoPlayOnAndroid:true\n\t\t\t\t\t\t\t\t},\n\t\t\t\t\t\t\t});\n\t\t\t\t\t\t}\n\t\t\t\t\t\t\n\t\t\t\t\t});\n\t\t\t\t<\/script>\n\t\t\t\t<script>\n\t\t\t\t\tvar htmlDivCss = '\t#rev_slider_30_1_wrapper rs-loader.spinner3 div { background-color: #FFFFFF !important; } ';\n\t\t\t\t\tvar htmlDiv = document.getElementById('rs-plugin-settings-inline-css');\n\t\t\t\t\tif(htmlDiv) {\n\t\t\t\t\t\thtmlDiv.innerHTML = htmlDiv.innerHTML + htmlDivCss;\n\t\t\t\t\t}else{\n\t\t\t\t\t\tvar htmlDiv = document.createElement('div');\n\t\t\t\t\t\thtmlDiv.innerHTML = '<style>' + htmlDivCss + '<\/style>';\n\t\t\t\t\t\tdocument.getElementsByTagName('head')[0].appendChild(htmlDiv.childNodes[0]);\n\t\t\t\t\t}\n\t\t\t\t<\/script>\n\t\t\t<\/rs-module-wrap>\n\t\t\t<!-- END REVOLUTION SLIDER -->\n<\/div><\/div>\n<p>Une campagne pour sensibiliser les adultes sur le besoin respecter strictement le <strong>calendrier de vaccination des enfants<\/strong> jusqu&#8217;\u00e0 l&#8217;\u00e2ge de 5 ans, afin d&#8217;augemnter le taux de couverture de vaccination chez les enfants dans la ville Medellin et ses environs. L&#8217;objectif est d&#8217;am\u00e9liorer la qualit\u00e9 de vie des enfants et de r\u00e9duire les taux d\u00b4infections d\u00fbs \u00e0 l\u00b4absence de vaccins.<\/p>\n","protected":false},"excerpt":{"rendered":"<p>Une campagne pour sensibiliser les adultes sur le besoin respecter strictement le <strong>calendrier de vaccination des enfants<\/strong>&#8230;<\/p>\n","protected":false},"author":1,"featured_media":2750,"menu_order":40,"comment_status":"closed","ping_status":"closed","template":"","format":"standard","meta":{"footnotes":""},"class_list":["post-3980","avada_portfolio","type-avada_portfolio","status-publish","format-standard","has-post-thumbnail","hentry","portfolio_category-sante","portfolio_category-administrations"],"aioseo_notices":[],"_links":{"self":[{"href":"https:\/\/alegria-activity.com\/fr\/wp-json\/wp\/v2\/avada_portfolio\/3980","targetHints":{"allow":["GET"]}}],"collection":[{"href":"https:\/\/alegria-activity.com\/fr\/wp-json\/wp\/v2\/avada_portfolio"}],"about":[{"href":"https:\/\/alegria-activity.com\/fr\/wp-json\/wp\/v2\/types\/avada_portfolio"}],"author":[{"embeddable":true,"href":"https:\/\/alegria-activity.com\/fr\/wp-json\/wp\/v2\/users\/1"}],"replies":[{"embeddable":true,"href":"https:\/\/alegria-activity.com\/fr\/wp-json\/wp\/v2\/comments?post=3980"}],"version-history":[{"count":1,"href":"https:\/\/alegria-activity.com\/fr\/wp-json\/wp\/v2\/avada_portfolio\/3980\/revisions"}],"predecessor-version":[{"id":3981,"href":"https:\/\/alegria-activity.com\/fr\/wp-json\/wp\/v2\/avada_portfolio\/3980\/revisions\/3981"}],"wp:featuredmedia":[{"embeddable":true,"href":"https:\/\/alegria-activity.com\/fr\/wp-json\/wp\/v2\/media\/2750"}],"wp:attachment":[{"href":"https:\/\/alegria-activity.com\/fr\/wp-json\/wp\/v2\/media?parent=3980"}],"curies":[{"name":"wp","href":"https:\/\/api.w.org\/{rel}","templated":true}]}}